{"id":3121,"date":"2017-04-01T15:36:15","date_gmt":"2017-04-01T13:36:15","guid":{"rendered":"http:\/\/amaplabergerie.org\/?page_id=3121"},"modified":"2017-06-01T22:04:40","modified_gmt":"2017-06-01T20:04:40","slug":"chez-pascale","status":"publish","type":"page","link":"https:\/\/amaplabergerie.org\/?page_id=3121","title":{"rendered":"Chez Pascale"},"content":{"rendered":"<p><a href=\"http:\/\/amaplabergerie.org\/wp-content\/uploads\/2017\/04\/ferme_de_periole.jpg\"><img decoding=\"async\" loading=\"lazy\" class=\"alignright size-medium wp-image-3122\" alt=\"ferme_de_periole\" src=\"http:\/\/amaplabergerie.org\/wp-content\/uploads\/2017\/04\/ferme_de_periole-300x200.jpg\" width=\"300\" height=\"200\" srcset=\"https:\/\/amaplabergerie.org\/wp-content\/uploads\/2017\/04\/ferme_de_periole-300x200.jpg 300w, https:\/\/amaplabergerie.org\/wp-content\/uploads\/2017\/04\/ferme_de_periole-600x400.jpg 600w, https:\/\/amaplabergerie.org\/wp-content\/uploads\/2017\/04\/ferme_de_periole.jpg 960w\" sizes=\"(max-width: 300px) 100vw, 300px\" \/><\/a><br \/>\nLa Ferme de P\u00e9riole,<\/p>\n<p>\u00ab\u00a0A l\u2019abri des regards indiscrets, comme nich\u00e9e au creux des premiers vallons du Lauragais toulousain, la \u00ab ferme de P\u00e9riole \u00bb se d\u00e9voile et vous invite \u00e0 d\u00e9couvrir sa vie et \u00e0 partager la passion qui nous anime.<br \/>\n<a href=\"http:\/\/amaplabergerie.org\/wp-content\/uploads\/2017\/04\/ferme_de_periole2.jpg\"><img decoding=\"async\" loading=\"lazy\" class=\"size-medium wp-image-3123 alignright\" alt=\"ferme_de_periole2\" src=\"http:\/\/amaplabergerie.org\/wp-content\/uploads\/2017\/04\/ferme_de_periole2-300x225.jpg\" width=\"300\" height=\"225\" srcset=\"https:\/\/amaplabergerie.org\/wp-content\/uploads\/2017\/04\/ferme_de_periole2-300x225.jpg 300w, https:\/\/amaplabergerie.org\/wp-content\/uploads\/2017\/04\/ferme_de_periole2-600x450.jpg 600w, https:\/\/amaplabergerie.org\/wp-content\/uploads\/2017\/04\/ferme_de_periole2.jpg 960w\" sizes=\"(max-width: 300px) 100vw, 300px\" \/><\/a><\/p>\n<p>Entour\u00e9e d\u2019une nature pr\u00e9serv\u00e9e, une vieille m\u00e9tairie apparait, long\u00e9e par un sentier de randonn\u00e9e tandis que des b\u00e2timents r\u00e9cents abritent les 80 ch\u00e8vres, la salle de traite ainsi que le stock de foin.\u00a0\u00bb<\/p>\n<p><a title=\"La ferme de P\u00e9riole\" href=\"http:\/\/lafermedeperiole.com\/\" target=\"_blank\">http:\/\/lafermedeperiole.com\/<\/a><\/p>\n<p><a title=\"La ferme de P\u00e9riole\" href=\"https:\/\/www.facebook.com\/LaFermeDePeriole\/\" target=\"_blank\">https:\/\/www.facebook.com\/LaFermeDePeriole\/<\/a><\/p>\n","protected":false},"excerpt":{"rendered":"<p>La Ferme de P\u00e9riole, \u00ab\u00a0A l\u2019abri des regards indiscrets, comme nich\u00e9e au creux des premiers vallons du Lauragais toulousain, la \u00ab ferme de P\u00e9riole \u00bb se d\u00e9voile et vous invite \u00e0 d\u00e9couvrir sa vie et \u00e0 partager la passion qui &hellip; <a href=\"https:\/\/amaplabergerie.org\/?page_id=3121\">Continuer la lecture <span class=\"meta-nav\">&rarr;<\/span><\/a><\/p>\n","protected":false},"author":4,"featured_media":0,"parent":9,"menu_order":0,"comment_status":"closed","ping_status":"closed","template":"","meta":{"_bbp_topic_count":0,"_bbp_reply_count":0,"_bbp_total_topic_count":0,"_bbp_total_reply_count":0,"_bbp_voice_count":0,"_bbp_anonymous_reply_count":0,"_bbp_topic_count_hidden":0,"_bbp_reply_count_hidden":0,"_bbp_forum_subforum_count":0},"_links":{"self":[{"href":"https:\/\/amaplabergerie.org\/index.php?rest_route=\/wp\/v2\/pages\/3121"}],"collection":[{"href":"https:\/\/amaplabergerie.org\/index.php?rest_route=\/wp\/v2\/pages"}],"about":[{"href":"https:\/\/amaplabergerie.org\/index.php?rest_route=\/wp\/v2\/types\/page"}],"author":[{"embeddable":true,"href":"https:\/\/amaplabergerie.org\/index.php?rest_route=\/wp\/v2\/users\/4"}],"replies":[{"embeddable":true,"href":"https:\/\/amaplabergerie.org\/index.php?rest_route=%2Fwp%2Fv2%2Fcomments&post=3121"}],"version-history":[{"count":14,"href":"https:\/\/amaplabergerie.org\/index.php?rest_route=\/wp\/v2\/pages\/3121\/revisions"}],"predecessor-version":[{"id":3403,"href":"https:\/\/amaplabergerie.org\/index.php?rest_route=\/wp\/v2\/pages\/3121\/revisions\/3403"}],"up":[{"embeddable":true,"href":"https:\/\/amaplabergerie.org\/index.php?rest_route=\/wp\/v2\/pages\/9"}],"wp:attachment":[{"href":"https:\/\/amaplabergerie.org\/index.php?rest_route=%2Fwp%2Fv2%2Fmedia&parent=3121"}],"curies":[{"name":"wp","href":"https:\/\/api.w.org\/{rel}","templated":true}]}}